{"id":4209256,"date":"2026-01-09T10:05:46","date_gmt":"2026-01-09T09:05:46","guid":{"rendered":"https:\/\/www.hugobike.cz\/?post_type=product&#038;p=4209256"},"modified":"2026-01-09T10:05:46","modified_gmt":"2026-01-09T09:05:46","slug":"s-e-n-desir","status":"publish","type":"product","link":"https:\/\/www.hugobike.cz\/fr\/p\/s-e-n-desire\/","title":{"rendered":"S.E.N D\u00e9sir"},"content":{"rendered":"","protected":false},"excerpt":{"rendered":"<h2 id=\"headline-2238-256\" class=\"ct-headline text--uppercase text--italic\"><span id=\"span-2239-256\" class=\"ct-span\">S.E.N D\u00e9sir<\/span>\u00a0<span id=\"span-2244-256\" class=\"ct-span text--300\">-<\/span>\u00a0<span id=\"span-2240-256\" class=\"ct-span text--300\">2025<\/span><\/h2>\n<div id=\"text_block-222-14\" class=\"ct-text-block text--uppercase margin-bottom--l geom-light width--m\"><span id=\"span-223-14\" class=\"ct-span\">Le scooter avec le plus de puissance et de batterie sur le march\u00e9 pour les plus exigeants. Traite les terrains extr\u00eames avec facilit\u00e9. Dans la version avec moteur 6 kW, \u00e0 court terme 8 kW.<\/span><\/div>\n<div>\n<div id=\"div_block-241-14\" class=\"ct-div-block bike-desc_table-column\">\n<p id=\"headline-242-14\" class=\"ct-headline text--uppercase bike-desc_table-column_head\">Piles<\/p>\n<p class=\"ct-headline text--uppercase bike-desc_table-column_head\"><span id=\"span-1187-256\" class=\"ct-span\">\u00a060 Ah\/52V<\/span><\/p>\n<\/div>\n<h4 id=\"headline-2662-256\" class=\"ct-headline text--uppercase bike-desc_table-column_head\">Moteur<\/h4>\n<div id=\"text_block-2663-256\" class=\"ct-text-block bike-desc_table-column_text\"><span id=\"span-2664-256\" class=\"ct-span\">250W - 6 kW<\/span><\/div>\n<h4 id=\"headline-251-14\" class=\"ct-headline text--uppercase bike-desc_table-column_head\">Se rendre sur place<\/h4>\n<div id=\"text_block-252-14\" class=\"ct-text-block bike-desc_table-column_text\"><span id=\"span-1189-256\" class=\"ct-span\">jusqu'\u00e0 120 km<\/span><\/div>\n<h4 id=\"headline-256-14\" class=\"ct-headline text--uppercase bike-desc_table-column_head\">Vitesse<\/h4>\n<div id=\"text_block-257-14\" class=\"ct-text-block bike-desc_table-column_text\"><span id=\"span-1191-256\" class=\"ct-span\">80 km\/h<\/span><\/div>\n<h4 id=\"headline-261-14\" class=\"ct-headline text--uppercase bike-desc_table-column_head\">Chargement<\/h4>\n<div id=\"text_block-262-14\" class=\"ct-text-block bike-desc_table-column_text\"><span id=\"span-1193-256\" class=\"ct-span\">10 A<\/span><\/div>\n<h4 id=\"headline-2471-256\" class=\"ct-headline text--uppercase bike-desc_table-column_head\">Destination<\/h4>\n<div id=\"text_block-2472-256\" class=\"ct-text-block bike-desc_table-column_text\"><span id=\"span-2473-256\" class=\"ct-span\">terrain extr\u00eame<\/span><\/div>\n<h4 id=\"headline-266-14\" class=\"ct-headline text--uppercase bike-desc_table-column_head\">Cadre<\/h4>\n<div id=\"text_block-267-14\" class=\"ct-text-block bike-desc_table-column_text\"><span id=\"span-1195-256\" class=\"ct-span\">dural<\/span><\/div>\n<h4 id=\"headline-3418-256\" class=\"ct-headline text--uppercase bike-desc_table-column_head\">Fourche\/amortisseur<\/h4>\n<div id=\"text_block-3419-256\" class=\"ct-text-block bike-desc_table-column_text\"><span id=\"span-3420-256\" class=\"ct-span\">double couronne 120 mm\/air<\/span><\/div>\n<h4 id=\"headline-3423-256\" class=\"ct-headline text--uppercase bike-desc_table-column_head\">Freins\/disques<\/h4>\n<div id=\"text_block-3424-256\" class=\"ct-text-block bike-desc_table-column_text\"><span id=\"span-3425-256\" class=\"ct-span\">hydraulique HB\/180 mm<\/span><\/div>\n<h4 id=\"headline-3428-256\" class=\"ct-headline text--uppercase bike-desc_table-column_head\">Taille de la roue<\/h4>\n<div id=\"text_block-3429-256\" class=\"ct-text-block bike-desc_table-column_text\"><span id=\"span-3430-256\" class=\"ct-span\">16\u2033 (moto 12\u2033)<\/span><\/div>\n<h4 id=\"headline-271-14\" class=\"ct-headline text--uppercase bike-desc_table-column_head\">Dimensions<\/h4>\n<div id=\"text_block-272-14\" class=\"ct-text-block bike-desc_table-column_text\"><span id=\"span-1197-256\" class=\"ct-span\">h x l x p - 130 x 80 x 185 cm<\/span><\/div>\n<div id=\"div_block-2458-256\" class=\"ct-div-block bike-desc_table-column\">\n<p id=\"headline-2460-256\" class=\"ct-headline text--uppercase bike-desc_table-column_head\">Poids<\/p>\n<p id=\"text_block-2461-256\" class=\"ct-text-block bike-desc_table-column_text\"><span id=\"span-2462-256\" class=\"ct-span\">55 kg<\/span><\/p>\n<p>D\u00e9lai de livraison : 6 \u00e0 8 semaines<\/p>\n<\/div>\n<\/div>","protected":false},"featured_media":4209255,"comment_status":"open","ping_status":"closed","template":"","meta":{"_acf_changed":false},"product_brand":[],"product_cat":[174],"product_tag":[],"class_list":{"0":"post-4209256","1":"product","2":"type-product","3":"status-publish","4":"has-post-thumbnail","6":"product_cat-e-kolobezky","8":"first","9":"instock","10":"taxable","11":"shipping-taxable","12":"purchasable","13":"product-type-simple"},"acf":[],"_links":{"self":[{"href":"https:\/\/www.hugobike.cz\/fr\/wp-json\/wp\/v2\/product\/4209256","targetHints":{"allow":["GET"]}}],"collection":[{"href":"https:\/\/www.hugobike.cz\/fr\/wp-json\/wp\/v2\/product"}],"about":[{"href":"https:\/\/www.hugobike.cz\/fr\/wp-json\/wp\/v2\/types\/product"}],"replies":[{"embeddable":true,"href":"https:\/\/www.hugobike.cz\/fr\/wp-json\/wp\/v2\/comments?post=4209256"}],"wp:featuredmedia":[{"embeddable":true,"href":"https:\/\/www.hugobike.cz\/fr\/wp-json\/wp\/v2\/media\/4209255"}],"wp:attachment":[{"href":"https:\/\/www.hugobike.cz\/fr\/wp-json\/wp\/v2\/media?parent=4209256"}],"wp:term":[{"taxonomy":"product_brand","embeddable":true,"href":"https:\/\/www.hugobike.cz\/fr\/wp-json\/wp\/v2\/product_brand?post=4209256"},{"taxonomy":"product_cat","embeddable":true,"href":"https:\/\/www.hugobike.cz\/fr\/wp-json\/wp\/v2\/product_cat?post=4209256"},{"taxonomy":"product_tag","embeddable":true,"href":"https:\/\/www.hugobike.cz\/fr\/wp-json\/wp\/v2\/product_tag?post=4209256"}],"curies":[{"name":"wp","href":"https:\/\/api.w.org\/{rel}","templated":true}]}}